{"id":7817,"date":"2021-09-11T22:24:58","date_gmt":"2021-09-11T22:24:58","guid":{"rendered":"https:\/\/museum90.com\/exhibitions-and-events\/"},"modified":"2025-09-09T09:44:47","modified_gmt":"2025-09-09T09:44:47","slug":"m90-events","status":"publish","type":"page","link":"https:\/\/museum90.com\/en\/m90-events\/","title":{"rendered":"Events"},"content":{"rendered":"\t\t<div data-elementor-type=\"wp-page\" data-elementor-id=\"7817\" class=\"elementor elementor-7817 elementor-131\">\n\t\t\t\t\t\t<section class=\"elementor-section elementor-top-section elementor-element elementor-element-95d0c97 elementor-section-full_width elementor-section-height-default elementor-section-height-default\" data-id=\"95d0c97\" data-element_type=\"section\" data-e-type=\"section\">\n\t\t\t\t\t\t<div class=\"elementor-container elementor-column-gap-no\">\n\t\t\t\t\t<div class=\"elementor-column elementor-col-100 elementor-top-column elementor-element elementor-element-dcbf119\" data-id=\"dcbf119\" data-element_type=\"column\" data-e-type=\"column\">\n\t\t\t<div class=\"elementor-widget-wrap elementor-element-populated\">\n\t\t\t\t\t\t<div class=\"elementor-element elementor-element-1f44fd3 elementor-widget elementor-widget-spacer\" data-id=\"1f44fd3\" data-element_type=\"widget\" data-e-type=\"widget\" data-widget_type=\"spacer.default\">\n\t\t\t\t<div class=\"elementor-widget-container\">\n\t\t\t\t\t\t\t<div class=\"elementor-spacer\">\n\t\t\t<div class=\"elementor-spacer-inner\"><\/div>\n\t\t<\/div>\n\t\t\t\t\t\t<\/div>\n\t\t\t\t<\/div>\n\t\t\t\t<div class=\"elementor-element elementor-element-536d9e3 elementor-widget elementor-widget-loquet-events-widget\" data-id=\"536d9e3\" data-element_type=\"widget\" data-e-type=\"widget\" data-widget_type=\"loquet-events-widget.default\">\n\t\t\t\t<div class=\"elementor-widget-container\">\n\t\t\t\t\t<div class=\"gt-events-listing gt-style-3 gt-light gt-align-left\"><div class=\"gt-grid gt-grid-1 gt-spacing-20\"><div class=\"gt-grid-col\"><div class=\"gt-item\"><div class=\"gt-date gt-big-date\">June 25<span>2026<\/span><div class=\"gt-start-time\">10:00 am<\/div><\/div><div class=\"gt-image\"><a href=\"https:\/\/museum90.com\/en\/event\/the-nineties-personally\/\"><img fetchpriority=\"high\" decoding=\"async\" width=\"2560\" height=\"1513\" src=\"https:\/\/museum90.com\/wp-content\/uploads\/2026\/06\/sajt-homepage-scaled.jpg\" class=\"attachment-custom size-custom wp-post-image\" alt=\"\" srcset=\"https:\/\/museum90.com\/wp-content\/uploads\/2026\/06\/sajt-homepage-scaled.jpg 2560w, https:\/\/museum90.com\/wp-content\/uploads\/2026\/06\/sajt-homepage-300x177.jpg 300w, https:\/\/museum90.com\/wp-content\/uploads\/2026\/06\/sajt-homepage-1024x605.jpg 1024w, https:\/\/museum90.com\/wp-content\/uploads\/2026\/06\/sajt-homepage-768x454.jpg 768w, https:\/\/museum90.com\/wp-content\/uploads\/2026\/06\/sajt-homepage-1536x908.jpg 1536w, https:\/\/museum90.com\/wp-content\/uploads\/2026\/06\/sajt-homepage-2048x1210.jpg 2048w, https:\/\/museum90.com\/wp-content\/uploads\/2026\/06\/sajt-homepage-415x245.jpg 415w, https:\/\/museum90.com\/wp-content\/uploads\/2026\/06\/sajt-homepage-650x384.jpg 650w, https:\/\/museum90.com\/wp-content\/uploads\/2026\/06\/sajt-homepage-250x148.jpg 250w\" sizes=\"(max-width: 2560px) 100vw, 2560px\" \/><\/a><\/div><div class=\"gt-content\"><div class=\"gt-category\"><ul><li><a href=\"https:\/\/museum90.com\/en\/events\/category\/events\/?post_type=events\">Events<\/a><\/li><\/ul><\/div><div class=\"gt-title\"><a href=\"https:\/\/museum90.com\/en\/event\/the-nineties-personally\/\">THE NINETIES, PERSONALLY<\/a><\/div><div class=\"gt-desc\"><p>Opening: 25 June 2026, 7 PM The Museum of the Ninetie&#8217;s new exhibition, The Nineties, Personally, explores how people from different parts of the former Yugoslavia experienced the 1990s and how major historical changes shaped their lives. Through personal objects and stories shared by writers, filmmakers, journalists, artists, musicians, and athletes, the exhibition sheds light on the everyday realities of...<\/p>\n<\/div><\/div><\/div><\/div><div class=\"gt-grid-col\"><div class=\"gt-item\"><div class=\"gt-date gt-big-date\">June 20<span>2026<\/span><div class=\"gt-start-time\">12:00 pm<\/div><\/div><div class=\"gt-image\"><a href=\"https:\/\/museum90.com\/en\/event\/bazar-at-the-museum-of-the-90s-2\/\"><img decoding=\"async\" width=\"1320\" height=\"780\" src=\"https:\/\/museum90.com\/wp-content\/uploads\/2026\/05\/sajt-1320x780px-1.jpg\" class=\"attachment-custom size-custom wp-post-image\" alt=\"\" srcset=\"https:\/\/museum90.com\/wp-content\/uploads\/2026\/05\/sajt-1320x780px-1.jpg 1320w, https:\/\/museum90.com\/wp-content\/uploads\/2026\/05\/sajt-1320x780px-1-300x177.jpg 300w, https:\/\/museum90.com\/wp-content\/uploads\/2026\/05\/sajt-1320x780px-1-1024x605.jpg 1024w, https:\/\/museum90.com\/wp-content\/uploads\/2026\/05\/sajt-1320x780px-1-768x454.jpg 768w, https:\/\/museum90.com\/wp-content\/uploads\/2026\/05\/sajt-1320x780px-1-415x245.jpg 415w, https:\/\/museum90.com\/wp-content\/uploads\/2026\/05\/sajt-1320x780px-1-650x384.jpg 650w, https:\/\/museum90.com\/wp-content\/uploads\/2026\/05\/sajt-1320x780px-1-250x148.jpg 250w\" sizes=\"(max-width: 1320px) 100vw, 1320px\" \/><\/a><\/div><div class=\"gt-content\"><div class=\"gt-category\"><ul><li><a href=\"https:\/\/museum90.com\/en\/events\/category\/events\/?post_type=events\">Events<\/a><\/li><\/ul><\/div><div class=\"gt-title\"><a href=\"https:\/\/museum90.com\/en\/event\/bazar-at-the-museum-of-the-90s-2\/\">Bazar at the Museum of the 90s!<\/a><\/div><div class=\"gt-desc\"><p>June Bazaar at the Museum of the 90s \u2600\ufe0f 20. 20 &#038; 21 June | 12\u201320h The Museum of the 90s is opening its doors for a new edition of its bazaar dedicated to design, collecting, craftsmanship, and visual culture that brings together nostalgia and contemporary interpretations of the past. Over the course of two days, visitors will have the...<\/p>\n<\/div><\/div><\/div><\/div><div class=\"gt-grid-col\"><div class=\"gt-item\"><div class=\"gt-date gt-big-date\">June 12<span>2026<\/span><div class=\"gt-start-time\">8:00 pm<\/div><\/div><div class=\"gt-image\"><a href=\"https:\/\/museum90.com\/en\/event\/theatrical-performance-kod-kuce\/\"><img decoding=\"async\" width=\"1320\" height=\"780\" src=\"https:\/\/museum90.com\/wp-content\/uploads\/2026\/06\/objava-sajt-2.jpg\" class=\"attachment-custom size-custom wp-post-image\" alt=\"\" srcset=\"https:\/\/museum90.com\/wp-content\/uploads\/2026\/06\/objava-sajt-2.jpg 1320w, https:\/\/museum90.com\/wp-content\/uploads\/2026\/06\/objava-sajt-2-300x177.jpg 300w, https:\/\/museum90.com\/wp-content\/uploads\/2026\/06\/objava-sajt-2-1024x605.jpg 1024w, https:\/\/museum90.com\/wp-content\/uploads\/2026\/06\/objava-sajt-2-768x454.jpg 768w, https:\/\/museum90.com\/wp-content\/uploads\/2026\/06\/objava-sajt-2-415x245.jpg 415w, https:\/\/museum90.com\/wp-content\/uploads\/2026\/06\/objava-sajt-2-650x384.jpg 650w, https:\/\/museum90.com\/wp-content\/uploads\/2026\/06\/objava-sajt-2-250x148.jpg 250w\" sizes=\"(max-width: 1320px) 100vw, 1320px\" \/><\/a><\/div><div class=\"gt-content\"><div class=\"gt-category\"><ul><li><a href=\"https:\/\/museum90.com\/en\/events\/category\/events\/?post_type=events\">Events<\/a><\/li><\/ul><\/div><div class=\"gt-title\"><a href=\"https:\/\/museum90.com\/en\/event\/theatrical-performance-kod-kuce\/\">Theatrical performance: \u201eKod ku\u0107e\u201c<\/a><\/div><div class=\"gt-desc\"><p>12 June | 8 PM The Museum of the 90s invites you to attend At Home, an original performance by Jelena Kvat-Faslem that explores the themes of (e)migration, identity, belonging, and home. What experiences and emotions accompany those who have voluntarily or involuntarily left their country of origin? How do we cope with separation from familiar people, places, and languages?...<\/p>\n<\/div><\/div><\/div><\/div><div class=\"gt-grid-col\"><div class=\"gt-item\"><div class=\"gt-date gt-big-date\">May 30<span>2026<\/span><div class=\"gt-start-time\">11:00 am<\/div><\/div><div class=\"gt-image\"><a href=\"https:\/\/museum90.com\/en\/event\/photography-workshop-the-nineties-with-srdan-veljovic\/\"><img loading=\"lazy\" decoding=\"async\" width=\"1320\" height=\"780\" src=\"https:\/\/museum90.com\/wp-content\/uploads\/2026\/05\/sajt-1.jpg\" class=\"attachment-custom size-custom wp-post-image\" alt=\"\" srcset=\"https:\/\/museum90.com\/wp-content\/uploads\/2026\/05\/sajt-1.jpg 1320w, https:\/\/museum90.com\/wp-content\/uploads\/2026\/05\/sajt-1-300x177.jpg 300w, https:\/\/museum90.com\/wp-content\/uploads\/2026\/05\/sajt-1-1024x605.jpg 1024w, https:\/\/museum90.com\/wp-content\/uploads\/2026\/05\/sajt-1-768x454.jpg 768w, https:\/\/museum90.com\/wp-content\/uploads\/2026\/05\/sajt-1-415x245.jpg 415w, https:\/\/museum90.com\/wp-content\/uploads\/2026\/05\/sajt-1-650x384.jpg 650w, https:\/\/museum90.com\/wp-content\/uploads\/2026\/05\/sajt-1-250x148.jpg 250w\" sizes=\"(max-width: 1320px) 100vw, 1320px\" \/><\/a><\/div><div class=\"gt-content\"><div class=\"gt-category\"><ul><li><a href=\"https:\/\/museum90.com\/en\/events\/category\/events\/?post_type=events\">Events<\/a><\/li><\/ul><\/div><div class=\"gt-title\"><a href=\"https:\/\/museum90.com\/en\/event\/photography-workshop-the-nineties-with-srdan-veljovic\/\">Photography Workshop \u201cThe Nineties\u201d with Sr\u0111an Veljovi\u0107<\/a><\/div><div class=\"gt-desc\"><p>May 30, June 6, June 13 &#038; June 20, 2026 11:00 The Nineties Photography Workshop, led by photographer and conceptual documentarian Sr\u0111an Veljovi\u0107, is conceived as a discussion group exploring the 90s through the perspective of personal photographic archives. Starting from the idea that discourse about the past is deeply ideological and that establishing a single narrative about this period...<\/p>\n<\/div><\/div><\/div><\/div><div class=\"gt-grid-col\"><div class=\"gt-item\"><div class=\"gt-date gt-big-date\">May 28<span>2026<\/span><div class=\"gt-start-time\">7:00 pm<\/div><\/div><div class=\"gt-image\"><a href=\"https:\/\/museum90.com\/en\/event\/in-the-labyrinth-where-is-this-world-headed\/\"><img loading=\"lazy\" decoding=\"async\" width=\"2560\" height=\"1513\" src=\"https:\/\/museum90.com\/wp-content\/uploads\/2026\/05\/Sajt-scaled.jpg\" class=\"attachment-custom size-custom wp-post-image\" alt=\"\" srcset=\"https:\/\/museum90.com\/wp-content\/uploads\/2026\/05\/Sajt-scaled.jpg 2560w, https:\/\/museum90.com\/wp-content\/uploads\/2026\/05\/Sajt-300x177.jpg 300w, https:\/\/museum90.com\/wp-content\/uploads\/2026\/05\/Sajt-1024x605.jpg 1024w, https:\/\/museum90.com\/wp-content\/uploads\/2026\/05\/Sajt-768x454.jpg 768w, https:\/\/museum90.com\/wp-content\/uploads\/2026\/05\/Sajt-1536x908.jpg 1536w, https:\/\/museum90.com\/wp-content\/uploads\/2026\/05\/Sajt-2048x1210.jpg 2048w, https:\/\/museum90.com\/wp-content\/uploads\/2026\/05\/Sajt-415x245.jpg 415w, https:\/\/museum90.com\/wp-content\/uploads\/2026\/05\/Sajt-650x384.jpg 650w, https:\/\/museum90.com\/wp-content\/uploads\/2026\/05\/Sajt-250x148.jpg 250w\" sizes=\"(max-width: 2560px) 100vw, 2560px\" \/><\/a><\/div><div class=\"gt-content\"><div class=\"gt-category\"><ul><li><a href=\"https:\/\/museum90.com\/en\/events\/category\/events\/?post_type=events\">Events<\/a><\/li><\/ul><\/div><div class=\"gt-title\"><a href=\"https:\/\/museum90.com\/en\/event\/in-the-labyrinth-where-is-this-world-headed\/\">\u201cIn the Labyrinth\u201d: Where Is This World Headed?<\/a><\/div><div class=\"gt-desc\"><p>As part of the In the Labyrinth program, the Museum of the Nineties is organizing a discussion on May 28 at 7 PM about contemporary global crises, war, international law, and the political changes shaping today\u2019s world. The wars in Ukraine, Gaza, Lebanon, and Iran, along with profound political changes in the United States during Donald Trump\u2019s second administration, have...<\/p>\n<\/div><\/div><\/div><\/div><div class=\"gt-grid-col\"><div class=\"gt-item\"><div class=\"gt-date gt-big-date\">May 21<span>2026<\/span><div class=\"gt-start-time\">8:00 pm<\/div><\/div><div class=\"gt-image\"><a href=\"https:\/\/museum90.com\/en\/event\/screening-of-the-documentary-film-zemlja-talk-with-the-authors\/\"><img loading=\"lazy\" decoding=\"async\" width=\"1600\" height=\"900\" src=\"https:\/\/museum90.com\/wp-content\/uploads\/2026\/04\/ZEMLJA-Twitter-Post.png\" class=\"attachment-custom size-custom wp-post-image\" alt=\"\" srcset=\"https:\/\/museum90.com\/wp-content\/uploads\/2026\/04\/ZEMLJA-Twitter-Post.png 1600w, https:\/\/museum90.com\/wp-content\/uploads\/2026\/04\/ZEMLJA-Twitter-Post-300x169.png 300w, https:\/\/museum90.com\/wp-content\/uploads\/2026\/04\/ZEMLJA-Twitter-Post-1024x576.png 1024w, https:\/\/museum90.com\/wp-content\/uploads\/2026\/04\/ZEMLJA-Twitter-Post-768x432.png 768w, https:\/\/museum90.com\/wp-content\/uploads\/2026\/04\/ZEMLJA-Twitter-Post-1536x864.png 1536w, https:\/\/museum90.com\/wp-content\/uploads\/2026\/04\/ZEMLJA-Twitter-Post-415x233.png 415w, https:\/\/museum90.com\/wp-content\/uploads\/2026\/04\/ZEMLJA-Twitter-Post-650x366.png 650w, https:\/\/museum90.com\/wp-content\/uploads\/2026\/04\/ZEMLJA-Twitter-Post-250x141.png 250w\" sizes=\"(max-width: 1600px) 100vw, 1600px\" \/><\/a><\/div><div class=\"gt-content\"><div class=\"gt-category\"><ul><li><a href=\"https:\/\/museum90.com\/en\/events\/category\/events\/?post_type=events\">Events<\/a><\/li><\/ul><\/div><div class=\"gt-title\"><a href=\"https:\/\/museum90.com\/en\/event\/screening-of-the-documentary-film-zemlja-talk-with-the-authors\/\">Screening of the documentary film \u201cZemlja\u201d + talk with the authors<\/a><\/div><div class=\"gt-desc\"><p>Join us on May 21 at 7 PM for the screening of the film \u201cZemlja\u201d followed by a discussion with the authors. Documentary film \u201cZemlja \u2013 The Land That Remembers, The Land That Forgets\u201d explores how narratives about the past are shaped in Bosnia and Herzegovina thirty years after the genocide in Srebrenica. Through the stories of young people, teachers,...<\/p>\n<\/div><\/div><\/div><\/div><div class=\"gt-grid-col\"><div class=\"gt-item\"><div class=\"gt-date gt-big-date\">May 20<span>2026<\/span><div class=\"gt-start-time\">7:00 pm<\/div><\/div><div class=\"gt-image\"><a href=\"https:\/\/museum90.com\/en\/event\/book-promotion-brzina-mraka-the-political-activity-of-the-serbian-orthodox-church-in-bosnia-and-herzegovina-from-1989-to-1996\/\"><img loading=\"lazy\" decoding=\"async\" width=\"2560\" height=\"1513\" src=\"https:\/\/museum90.com\/wp-content\/uploads\/2026\/05\/Sajt-scaled.png\" class=\"attachment-custom size-custom wp-post-image\" alt=\"\" srcset=\"https:\/\/museum90.com\/wp-content\/uploads\/2026\/05\/Sajt-scaled.png 2560w, https:\/\/museum90.com\/wp-content\/uploads\/2026\/05\/Sajt-300x177.png 300w, https:\/\/museum90.com\/wp-content\/uploads\/2026\/05\/Sajt-1024x605.png 1024w, https:\/\/museum90.com\/wp-content\/uploads\/2026\/05\/Sajt-768x454.png 768w, https:\/\/museum90.com\/wp-content\/uploads\/2026\/05\/Sajt-1536x908.png 1536w, https:\/\/museum90.com\/wp-content\/uploads\/2026\/05\/Sajt-2048x1210.png 2048w, https:\/\/museum90.com\/wp-content\/uploads\/2026\/05\/Sajt-415x245.png 415w, https:\/\/museum90.com\/wp-content\/uploads\/2026\/05\/Sajt-650x384.png 650w, https:\/\/museum90.com\/wp-content\/uploads\/2026\/05\/Sajt-250x148.png 250w\" sizes=\"(max-width: 2560px) 100vw, 2560px\" \/><\/a><\/div><div class=\"gt-content\"><div class=\"gt-category\"><ul><li><a href=\"https:\/\/museum90.com\/en\/events\/category\/events\/?post_type=events\">Events<\/a><\/li><\/ul><\/div><div class=\"gt-title\"><a href=\"https:\/\/museum90.com\/en\/event\/book-promotion-brzina-mraka-the-political-activity-of-the-serbian-orthodox-church-in-bosnia-and-herzegovina-from-1989-to-1996\/\">Book Promotion: &#8220;Brzina mraka&#8221;. The Political Activity of the Serbian Orthodox Church in Bosnia and Herzegovina from 1989 to 1996<\/a><\/div><div class=\"gt-desc\"><p>May 20, 2026 at 7 PM The Museum of the Nineties is organizing a presentation of the book &#8220;Brzina mraka&#8221; The Political Activity of the Serbian Orthodox Church in Bosnia and Herzegovina from 1989 to 1996 by historian Edin Omer\u010di\u0107 (Institute for History in Sarajevo). . The book examines the role of the Serbian Orthodox Church during the pivotal years...<\/p>\n<\/div><\/div><\/div><\/div><div class=\"gt-grid-col\"><div class=\"gt-item\"><div class=\"gt-date gt-big-date\">May 19<span>2026<\/span><div class=\"gt-start-time\">7:00 pm<\/div><\/div><div class=\"gt-image\"><a href=\"https:\/\/museum90.com\/en\/event\/hymn-of-the-balkans-the-cultural-and-political-mission-of-elodie-and-cedomilj-mijatovic\/\"><img loading=\"lazy\" decoding=\"async\" width=\"2560\" height=\"1513\" src=\"https:\/\/museum90.com\/wp-content\/uploads\/2026\/05\/sajt-dogadjaji-scaled.jpg\" class=\"attachment-custom size-custom wp-post-image\" alt=\"\" srcset=\"https:\/\/museum90.com\/wp-content\/uploads\/2026\/05\/sajt-dogadjaji-scaled.jpg 2560w, https:\/\/museum90.com\/wp-content\/uploads\/2026\/05\/sajt-dogadjaji-300x177.jpg 300w, https:\/\/museum90.com\/wp-content\/uploads\/2026\/05\/sajt-dogadjaji-1024x605.jpg 1024w, https:\/\/museum90.com\/wp-content\/uploads\/2026\/05\/sajt-dogadjaji-768x454.jpg 768w, https:\/\/museum90.com\/wp-content\/uploads\/2026\/05\/sajt-dogadjaji-1536x908.jpg 1536w, https:\/\/museum90.com\/wp-content\/uploads\/2026\/05\/sajt-dogadjaji-2048x1210.jpg 2048w, https:\/\/museum90.com\/wp-content\/uploads\/2026\/05\/sajt-dogadjaji-415x245.jpg 415w, https:\/\/museum90.com\/wp-content\/uploads\/2026\/05\/sajt-dogadjaji-650x384.jpg 650w, https:\/\/museum90.com\/wp-content\/uploads\/2026\/05\/sajt-dogadjaji-250x148.jpg 250w\" sizes=\"(max-width: 2560px) 100vw, 2560px\" \/><\/a><\/div><div class=\"gt-content\"><div class=\"gt-category\"><ul><li><a href=\"https:\/\/museum90.com\/en\/events\/category\/events\/?post_type=events\">Events<\/a><\/li><\/ul><\/div><div class=\"gt-title\"><a href=\"https:\/\/museum90.com\/en\/event\/hymn-of-the-balkans-the-cultural-and-political-mission-of-elodie-and-cedomilj-mijatovic\/\">\u201cHymn of the Balkans\u201d \u2014 The Cultural and Political Mission of Elodie and \u010cedomilj Mijatovi\u0107<\/a><\/div><div class=\"gt-desc\"><p>May 19, 2026 at 7 PM The Museum of the Nineties and the music journal New Sound invite you to a lecture by Prof. Dr. Marijana Kokanovi\u0107 Markovi\u0107 (Academy of Arts, University of Novi Sad) dedicated to the forgotten composition Union is Strength (\u201cHymn of the Balkans\u201d), composed in 1899 by Hungarian composer K\u00e1lm\u00e1n Roth-R\u00f3nay to lyrics written by Elodie...<\/p>\n<\/div><\/div><\/div><\/div><div class=\"gt-grid-col\"><div class=\"gt-item\"><div class=\"gt-date gt-big-date\">May 16<span>2026<\/span><div class=\"gt-start-time\">7:00 pm<\/div><\/div><div class=\"gt-image\"><a href=\"https:\/\/museum90.com\/en\/event\/exhibition-the-nineties-from-refusal-to-resistance-in-dom-mladih-tuzla\/\"><img loading=\"lazy\" decoding=\"async\" width=\"2560\" height=\"1513\" src=\"https:\/\/museum90.com\/wp-content\/uploads\/2026\/05\/web-1320x780-1-scaled.jpg\" class=\"attachment-custom size-custom wp-post-image\" alt=\"\" srcset=\"https:\/\/museum90.com\/wp-content\/uploads\/2026\/05\/web-1320x780-1-scaled.jpg 2560w, https:\/\/museum90.com\/wp-content\/uploads\/2026\/05\/web-1320x780-1-300x177.jpg 300w, https:\/\/museum90.com\/wp-content\/uploads\/2026\/05\/web-1320x780-1-1024x605.jpg 1024w, https:\/\/museum90.com\/wp-content\/uploads\/2026\/05\/web-1320x780-1-768x454.jpg 768w, https:\/\/museum90.com\/wp-content\/uploads\/2026\/05\/web-1320x780-1-1536x908.jpg 1536w, https:\/\/museum90.com\/wp-content\/uploads\/2026\/05\/web-1320x780-1-2048x1210.jpg 2048w, https:\/\/museum90.com\/wp-content\/uploads\/2026\/05\/web-1320x780-1-415x245.jpg 415w, https:\/\/museum90.com\/wp-content\/uploads\/2026\/05\/web-1320x780-1-650x384.jpg 650w, https:\/\/museum90.com\/wp-content\/uploads\/2026\/05\/web-1320x780-1-250x148.jpg 250w\" sizes=\"(max-width: 2560px) 100vw, 2560px\" \/><\/a><\/div><div class=\"gt-content\"><div class=\"gt-category\"><ul><li><a href=\"https:\/\/museum90.com\/en\/events\/category\/events\/?post_type=events\">Events<\/a><\/li><\/ul><\/div><div class=\"gt-title\"><a href=\"https:\/\/museum90.com\/en\/event\/exhibition-the-nineties-from-refusal-to-resistance-in-dom-mladih-tuzla\/\">Exhibition \u201cThe Nineties: From Refusal to Resistance\u201d in Dom mladih Tuzla<\/a><\/div><div class=\"gt-desc\"><p>Opening: May 16, 2026 at 7 PMDom mladih Tuzla The Public Institution Center for Culture Tuzla and the Museum of the 90s from Belgrade are opening the exhibition \u201cThe Nineties: From Refusal to Resistance\u201d, dedicated to individuals, collectives, and organizations who chose resistance instead of silence during the wars and crises of the nineties. The exhibition continues a years-long effort...<\/p>\n<\/div><\/div><\/div><\/div><div class=\"gt-grid-col\"><div class=\"gt-item\"><div class=\"gt-date gt-big-date\">May 2<span>2026<\/span><div class=\"gt-start-time\">5:00 pm<\/div><\/div><div class=\"gt-image\"><a href=\"https:\/\/museum90.com\/en\/event\/2nd-may-day-gathering-at-bife\/\"><img loading=\"lazy\" decoding=\"async\" width=\"1320\" height=\"780\" src=\"https:\/\/museum90.com\/wp-content\/uploads\/2026\/04\/Drugomajski-uranak-u-bifeu-Sajt.png\" class=\"attachment-custom size-custom wp-post-image\" alt=\"\" srcset=\"https:\/\/museum90.com\/wp-content\/uploads\/2026\/04\/Drugomajski-uranak-u-bifeu-Sajt.png 1320w, https:\/\/museum90.com\/wp-content\/uploads\/2026\/04\/Drugomajski-uranak-u-bifeu-Sajt-300x177.png 300w, https:\/\/museum90.com\/wp-content\/uploads\/2026\/04\/Drugomajski-uranak-u-bifeu-Sajt-1024x605.png 1024w, https:\/\/museum90.com\/wp-content\/uploads\/2026\/04\/Drugomajski-uranak-u-bifeu-Sajt-768x454.png 768w, https:\/\/museum90.com\/wp-content\/uploads\/2026\/04\/Drugomajski-uranak-u-bifeu-Sajt-415x245.png 415w, https:\/\/museum90.com\/wp-content\/uploads\/2026\/04\/Drugomajski-uranak-u-bifeu-Sajt-650x384.png 650w, https:\/\/museum90.com\/wp-content\/uploads\/2026\/04\/Drugomajski-uranak-u-bifeu-Sajt-250x148.png 250w\" sizes=\"(max-width: 1320px) 100vw, 1320px\" \/><\/a><\/div><div class=\"gt-content\"><div class=\"gt-category\"><ul><li><a href=\"https:\/\/museum90.com\/en\/events\/category\/events\/?post_type=events\">Events<\/a><\/li><\/ul><\/div><div class=\"gt-title\"><a href=\"https:\/\/museum90.com\/en\/event\/2nd-may-day-gathering-at-bife\/\">2nd May Day gathering at Bife!<\/a><\/div><div class=\"gt-desc\"><p>Saturday, May 2 from 5 PM at the Museum of the Nineties. In the spirit of Labor Day, we\u2019re continuing the hangout in the garden, an afternoon session with music and sunshine. On special offer: &#8211; Rakija &#8211; Vinjak &#8211; Freshly squeezed juices See you there!<\/p>\n<\/div><\/div><\/div><\/div><div class=\"gt-grid-col\"><div class=\"gt-item\"><div class=\"gt-date gt-big-date\">April 25<span>2026<\/span><div class=\"gt-start-time\">5:00 pm<\/div><\/div><div class=\"gt-image\"><a href=\"https:\/\/museum90.com\/en\/event\/yugonostalgia-at-the-bife\/\"><img loading=\"lazy\" decoding=\"async\" width=\"1320\" height=\"780\" src=\"https:\/\/museum90.com\/wp-content\/uploads\/2026\/04\/Jugonostalgija-u-Bifeu-Sajt-1.png\" class=\"attachment-custom size-custom wp-post-image\" alt=\"\" srcset=\"https:\/\/museum90.com\/wp-content\/uploads\/2026\/04\/Jugonostalgija-u-Bifeu-Sajt-1.png 1320w, https:\/\/museum90.com\/wp-content\/uploads\/2026\/04\/Jugonostalgija-u-Bifeu-Sajt-1-300x177.png 300w, https:\/\/museum90.com\/wp-content\/uploads\/2026\/04\/Jugonostalgija-u-Bifeu-Sajt-1-1024x605.png 1024w, https:\/\/museum90.com\/wp-content\/uploads\/2026\/04\/Jugonostalgija-u-Bifeu-Sajt-1-768x454.png 768w, https:\/\/museum90.com\/wp-content\/uploads\/2026\/04\/Jugonostalgija-u-Bifeu-Sajt-1-415x245.png 415w, https:\/\/museum90.com\/wp-content\/uploads\/2026\/04\/Jugonostalgija-u-Bifeu-Sajt-1-650x384.png 650w, https:\/\/museum90.com\/wp-content\/uploads\/2026\/04\/Jugonostalgija-u-Bifeu-Sajt-1-250x148.png 250w\" sizes=\"(max-width: 1320px) 100vw, 1320px\" \/><\/a><\/div><div class=\"gt-content\"><div class=\"gt-category\"><ul><li><a href=\"https:\/\/museum90.com\/en\/events\/category\/events\/?post_type=events\">Events<\/a><\/li><\/ul><\/div><div class=\"gt-title\"><a href=\"https:\/\/museum90.com\/en\/event\/yugonostalgia-at-the-bife\/\">Yugonostalgia at the Bife!<\/a><\/div><div class=\"gt-desc\"><p>Saturday, April 25, from 5 PM at the Museum of the Nineties In the rhythm of the exhibition Yugo.logo: Signs by the Road, we\u2019re bringing back the sounds of a past era. A matinee with music from the \u201960s, \u201970s, and \u201980s Happy Hour: \u2013 Sarajevsko Premium \u2013 Sarajevsko Dark \u2013 Spritz: blackcurrant, raspberry, ginger\u2013elderflower See you there!<\/p>\n<\/div><\/div><\/div><\/div><div class=\"gt-grid-col\"><div class=\"gt-item\"><div class=\"gt-date gt-big-date\">April 18<span>2026<\/span><div class=\"gt-start-time\">7:00 pm<\/div><\/div><div class=\"gt-image\"><a href=\"https:\/\/museum90.com\/en\/event\/yugo-logo-signs-by-the-roadside-exhibition-by-ognjen-rankovic-i-antonio-karaca\/\"><img loading=\"lazy\" decoding=\"async\" width=\"1320\" height=\"780\" src=\"https:\/\/museum90.com\/wp-content\/uploads\/2026\/04\/ZPP-WebObjava2.png\" class=\"attachment-custom size-custom wp-post-image\" alt=\"\" srcset=\"https:\/\/museum90.com\/wp-content\/uploads\/2026\/04\/ZPP-WebObjava2.png 1320w, https:\/\/museum90.com\/wp-content\/uploads\/2026\/04\/ZPP-WebObjava2-300x177.png 300w, https:\/\/museum90.com\/wp-content\/uploads\/2026\/04\/ZPP-WebObjava2-1024x605.png 1024w, https:\/\/museum90.com\/wp-content\/uploads\/2026\/04\/ZPP-WebObjava2-768x454.png 768w, https:\/\/museum90.com\/wp-content\/uploads\/2026\/04\/ZPP-WebObjava2-415x245.png 415w, https:\/\/museum90.com\/wp-content\/uploads\/2026\/04\/ZPP-WebObjava2-650x384.png 650w, https:\/\/museum90.com\/wp-content\/uploads\/2026\/04\/ZPP-WebObjava2-250x148.png 250w\" sizes=\"(max-width: 1320px) 100vw, 1320px\" \/><\/a><\/div><div class=\"gt-content\"><div class=\"gt-category\"><ul><li><a href=\"https:\/\/museum90.com\/en\/events\/category\/events\/?post_type=events\">Events<\/a><\/li><\/ul><\/div><div class=\"gt-title\"><a href=\"https:\/\/museum90.com\/en\/event\/yugo-logo-signs-by-the-roadside-exhibition-by-ognjen-rankovic-i-antonio-karaca\/\">Yugo.logo: Signs by the Roadside &#8211; Exhibition by Ognjen Rankovi\u0107 i Antonio Kara\u010da<\/a><\/div><div class=\"gt-desc\"><p>The exhibition \u201eYugo.logo: Signs by the Roadside\u201d is opening on April 18th at 19:00! The exhibition presents a selection of logos and visual identities created across the territory of the former Yugoslavia. The project\u2019s authors, graphic designers Ognjen Rankovi\u0107 and Antonio Kara\u010da, have spent years systematically collecting and researching this material, which they have brought together under the name Yugo.logo.....<\/p>\n<\/div><\/div><\/div><\/div><div class=\"gt-grid-col\"><div class=\"gt-item\"><div class=\"gt-date gt-big-date\">April 18<span>2026<\/span><div class=\"gt-start-time\">6:00 pm<\/div><\/div><div class=\"gt-image\"><a href=\"https:\/\/museum90.com\/en\/event\/garden-opening-bife-buducnost\/\"><img loading=\"lazy\" decoding=\"async\" width=\"1320\" height=\"780\" src=\"https:\/\/museum90.com\/wp-content\/uploads\/2026\/04\/Otvaranje-Baste-Sajt-1.png\" class=\"attachment-custom size-custom wp-post-image\" alt=\"\" srcset=\"https:\/\/museum90.com\/wp-content\/uploads\/2026\/04\/Otvaranje-Baste-Sajt-1.png 1320w, https:\/\/museum90.com\/wp-content\/uploads\/2026\/04\/Otvaranje-Baste-Sajt-1-300x177.png 300w, https:\/\/museum90.com\/wp-content\/uploads\/2026\/04\/Otvaranje-Baste-Sajt-1-1024x605.png 1024w, https:\/\/museum90.com\/wp-content\/uploads\/2026\/04\/Otvaranje-Baste-Sajt-1-768x454.png 768w, https:\/\/museum90.com\/wp-content\/uploads\/2026\/04\/Otvaranje-Baste-Sajt-1-415x245.png 415w, https:\/\/museum90.com\/wp-content\/uploads\/2026\/04\/Otvaranje-Baste-Sajt-1-650x384.png 650w, https:\/\/museum90.com\/wp-content\/uploads\/2026\/04\/Otvaranje-Baste-Sajt-1-250x148.png 250w\" sizes=\"(max-width: 1320px) 100vw, 1320px\" \/><\/a><\/div><div class=\"gt-content\"><div class=\"gt-category\"><ul><li><a href=\"https:\/\/museum90.com\/en\/events\/category\/events\/?post_type=events\">Events<\/a><\/li><\/ul><\/div><div class=\"gt-title\"><a href=\"https:\/\/museum90.com\/en\/event\/garden-opening-bife-buducnost\/\">Garden opening &#8211; Bife Budu\u0107nost<\/a><\/div><div class=\"gt-desc\"><p>Garden opening! The cocktails are getting cold, the music is starting, and we can&#8217;t wait to see you at Bife Budu\u0107nost. Saturday, April 18th at 18:00<\/p>\n<\/div><\/div><\/div><\/div><div class=\"gt-grid-col\"><div class=\"gt-item\"><div class=\"gt-date gt-big-date\">April 16<span>2026<\/span><div class=\"gt-start-time\">7:00 pm<\/div><\/div><div class=\"gt-image\"><a href=\"https:\/\/museum90.com\/en\/event\/pub-quiz-at-the-museum-of-the-nineties\/\"><img loading=\"lazy\" decoding=\"async\" width=\"1920\" height=\"1080\" src=\"https:\/\/museum90.com\/wp-content\/uploads\/2026\/03\/Pab-Kviz-u-Muzeju-90ih-1920-x-1080-px-1.png\" class=\"attachment-custom size-custom wp-post-image\" alt=\"\" srcset=\"https:\/\/museum90.com\/wp-content\/uploads\/2026\/03\/Pab-Kviz-u-Muzeju-90ih-1920-x-1080-px-1.png 1920w, https:\/\/museum90.com\/wp-content\/uploads\/2026\/03\/Pab-Kviz-u-Muzeju-90ih-1920-x-1080-px-1-300x169.png 300w, https:\/\/museum90.com\/wp-content\/uploads\/2026\/03\/Pab-Kviz-u-Muzeju-90ih-1920-x-1080-px-1-1024x576.png 1024w, https:\/\/museum90.com\/wp-content\/uploads\/2026\/03\/Pab-Kviz-u-Muzeju-90ih-1920-x-1080-px-1-768x432.png 768w, https:\/\/museum90.com\/wp-content\/uploads\/2026\/03\/Pab-Kviz-u-Muzeju-90ih-1920-x-1080-px-1-1536x864.png 1536w, https:\/\/museum90.com\/wp-content\/uploads\/2026\/03\/Pab-Kviz-u-Muzeju-90ih-1920-x-1080-px-1-415x233.png 415w, https:\/\/museum90.com\/wp-content\/uploads\/2026\/03\/Pab-Kviz-u-Muzeju-90ih-1920-x-1080-px-1-650x366.png 650w, https:\/\/museum90.com\/wp-content\/uploads\/2026\/03\/Pab-Kviz-u-Muzeju-90ih-1920-x-1080-px-1-250x141.png 250w\" sizes=\"(max-width: 1920px) 100vw, 1920px\" \/><\/a><\/div><div class=\"gt-content\"><div class=\"gt-category\"><ul><li><a href=\"https:\/\/museum90.com\/en\/events\/category\/events\/?post_type=events\">Events<\/a><\/li><\/ul><\/div><div class=\"gt-title\"><a href=\"https:\/\/museum90.com\/en\/event\/pub-quiz-at-the-museum-of-the-nineties\/\">Pub Quiz at the Museum of the Nineties<\/a><\/div><div class=\"gt-desc\"><p>Join us for a pub quiz in the unique setting of the Museum of the Nineties! Saturday, April 4th at 7pm Museum of the 90s, Kneza Milo\u0161a 3 Test your knowledge of the nineties culture, music, politics, sports, and key events \u2014 with prizes for the top teams. Teams can have 2 to 5 members. The participation fee is 300...<\/p>\n<\/div><\/div><\/div><\/div><div class=\"gt-grid-col\"><div class=\"gt-item\"><div class=\"gt-date gt-big-date\">April 6<span>2026<\/span><div class=\"gt-start-time\">7:00 pm<\/div><\/div><div class=\"gt-image\"><a href=\"https:\/\/museum90.com\/en\/event\/the-conspirators-at-the-museum-of-the-nineties\/\"><img loading=\"lazy\" decoding=\"async\" width=\"1600\" height=\"807\" src=\"https:\/\/museum90.com\/wp-content\/uploads\/2026\/04\/1ec2fa5f-60b7-40d8-ac0b-aabb748af85a.jpg\" class=\"attachment-custom size-custom wp-post-image\" alt=\"\" srcset=\"https:\/\/museum90.com\/wp-content\/uploads\/2026\/04\/1ec2fa5f-60b7-40d8-ac0b-aabb748af85a.jpg 1600w, https:\/\/museum90.com\/wp-content\/uploads\/2026\/04\/1ec2fa5f-60b7-40d8-ac0b-aabb748af85a-300x151.jpg 300w, https:\/\/museum90.com\/wp-content\/uploads\/2026\/04\/1ec2fa5f-60b7-40d8-ac0b-aabb748af85a-1024x516.jpg 1024w, https:\/\/museum90.com\/wp-content\/uploads\/2026\/04\/1ec2fa5f-60b7-40d8-ac0b-aabb748af85a-768x387.jpg 768w, https:\/\/museum90.com\/wp-content\/uploads\/2026\/04\/1ec2fa5f-60b7-40d8-ac0b-aabb748af85a-1536x775.jpg 1536w, https:\/\/museum90.com\/wp-content\/uploads\/2026\/04\/1ec2fa5f-60b7-40d8-ac0b-aabb748af85a-415x209.jpg 415w, https:\/\/museum90.com\/wp-content\/uploads\/2026\/04\/1ec2fa5f-60b7-40d8-ac0b-aabb748af85a-650x328.jpg 650w, https:\/\/museum90.com\/wp-content\/uploads\/2026\/04\/1ec2fa5f-60b7-40d8-ac0b-aabb748af85a-250x126.jpg 250w\" sizes=\"(max-width: 1600px) 100vw, 1600px\" \/><\/a><\/div><div class=\"gt-content\"><div class=\"gt-category\"><ul><li><a href=\"https:\/\/museum90.com\/en\/events\/category\/events\/?post_type=events\">Events<\/a><\/li><\/ul><\/div><div class=\"gt-title\"><a href=\"https:\/\/museum90.com\/en\/event\/the-conspirators-at-the-museum-of-the-nineties\/\">The Conspirators at the Museum of the Nineties<\/a><\/div><div class=\"gt-desc\"><p>Monday, April 6 4. at 7 PM The ticket\/donation price is 800 RSD. By purchasing a ticket, you support the work of the Museum of the Nineties. A staged reading of the play The Conspirators by Igor \u0160tiks and Vladimir Arsenijevi\u0107, based on the KROKODIL series Common Reading Room. Directed by: Boris Lije\u0161evi\u0107 Performed by: Svetozar Cvetkovi\u0107, Isidora Mini\u0107, Dejan...<\/p>\n<\/div><\/div><\/div><\/div><div class=\"gt-grid-col\"><div class=\"gt-item\"><div class=\"gt-date gt-big-date\">April 6<span>2026<\/span><\/div><div class=\"gt-image\"><a href=\"https:\/\/museum90.com\/en\/event\/call-for-applications-paid-internship-program-within-beyond\/\"><img loading=\"lazy\" decoding=\"async\" width=\"1320\" height=\"780\" src=\"https:\/\/museum90.com\/wp-content\/uploads\/2026\/03\/Praksa-sajt-dogadjaj.jpg\" class=\"attachment-custom size-custom wp-post-image\" alt=\"\" srcset=\"https:\/\/museum90.com\/wp-content\/uploads\/2026\/03\/Praksa-sajt-dogadjaj.jpg 1320w, https:\/\/museum90.com\/wp-content\/uploads\/2026\/03\/Praksa-sajt-dogadjaj-300x177.jpg 300w, https:\/\/museum90.com\/wp-content\/uploads\/2026\/03\/Praksa-sajt-dogadjaj-1024x605.jpg 1024w, https:\/\/museum90.com\/wp-content\/uploads\/2026\/03\/Praksa-sajt-dogadjaj-768x454.jpg 768w, https:\/\/museum90.com\/wp-content\/uploads\/2026\/03\/Praksa-sajt-dogadjaj-415x245.jpg 415w, https:\/\/museum90.com\/wp-content\/uploads\/2026\/03\/Praksa-sajt-dogadjaj-650x384.jpg 650w, https:\/\/museum90.com\/wp-content\/uploads\/2026\/03\/Praksa-sajt-dogadjaj-250x148.jpg 250w, https:\/\/museum90.com\/wp-content\/uploads\/2026\/03\/Praksa-sajt-dogadjaj-600x355.jpg 600w\" sizes=\"(max-width: 1320px) 100vw, 1320px\" \/><\/a><\/div><div class=\"gt-content\"><div class=\"gt-category\"><ul><li><a href=\"https:\/\/museum90.com\/en\/events\/category\/events\/?post_type=events\">Events<\/a><\/li><\/ul><\/div><div class=\"gt-title\"><a href=\"https:\/\/museum90.com\/en\/event\/call-for-applications-paid-internship-program-within-beyond\/\">Call for Applications \u2013 Paid Internship Program within BEYOND<\/a><\/div><div class=\"gt-desc\"><p>Within the project BEYOND \u2013 Balkans Engagement for Youth: Opportunities, Networking, Development, a call is open for young people who wish to gain practical experience through the European Civic Service program. The program offers young people the opportunity to engage in activities that contribute to the local community and, through hands-on work, develop knowledge and skills in the fields of...<\/p>\n<\/div><\/div><\/div><\/div><div class=\"gt-grid-col\"><div class=\"gt-item\"><div class=\"gt-date gt-big-date\">March 30<span>2026<\/span><div class=\"gt-start-time\">6:00 pm<\/div><\/div><div class=\"gt-image\"><a href=\"https:\/\/museum90.com\/en\/event\/guided-tour-through-the-exhibition-u-nedostatku-dokaza-with-dragoljub-draza-petrovic\/\"><img loading=\"lazy\" decoding=\"async\" width=\"1320\" height=\"780\" src=\"https:\/\/museum90.com\/wp-content\/uploads\/2026\/03\/Untitled-design.png\" class=\"attachment-custom size-custom wp-post-image\" alt=\"\" srcset=\"https:\/\/museum90.com\/wp-content\/uploads\/2026\/03\/Untitled-design.png 1320w, https:\/\/museum90.com\/wp-content\/uploads\/2026\/03\/Untitled-design-300x177.png 300w, https:\/\/museum90.com\/wp-content\/uploads\/2026\/03\/Untitled-design-1024x605.png 1024w, https:\/\/museum90.com\/wp-content\/uploads\/2026\/03\/Untitled-design-768x454.png 768w, https:\/\/museum90.com\/wp-content\/uploads\/2026\/03\/Untitled-design-415x245.png 415w, https:\/\/museum90.com\/wp-content\/uploads\/2026\/03\/Untitled-design-650x384.png 650w, https:\/\/museum90.com\/wp-content\/uploads\/2026\/03\/Untitled-design-250x148.png 250w, https:\/\/museum90.com\/wp-content\/uploads\/2026\/03\/Untitled-design-600x355.png 600w\" sizes=\"(max-width: 1320px) 100vw, 1320px\" \/><\/a><\/div><div class=\"gt-content\"><div class=\"gt-category\"><ul><li><a href=\"https:\/\/museum90.com\/en\/events\/category\/events\/?post_type=events\">Events<\/a><\/li><\/ul><\/div><div class=\"gt-title\"><a href=\"https:\/\/museum90.com\/en\/event\/guided-tour-through-the-exhibition-u-nedostatku-dokaza-with-dragoljub-draza-petrovic\/\">Guided tour through the exhibition \u201eU NEDOSTATKU DOKAZA\u201d with Dragoljub Dra\u017ea Petrovi\u0107<\/a><\/div><div class=\"gt-desc\"><p>Dragoljub Dra\u017ea Petrovi\u0107 takes you through the exhibition \u201eU NEDOSTATKU DOKAZA\u201d by Predrag Koraksi\u0107 Corax! March 30 at 6 PM If you haven\u2019t yet had the chance to visit the exhibition of caricatures by Predrag Koraksi\u0107 Corax, or if you would like to see it once again, we invite you to a special guided tour. Dragoljub Dra\u017ea Petrovi\u0107, editor-in-chief of...<\/p>\n<\/div><\/div><\/div><\/div><div class=\"gt-grid-col\"><div class=\"gt-item\"><div class=\"gt-date gt-big-date\">March 22<span>2026<\/span><div class=\"gt-start-time\">7:00 pm<\/div><\/div><div class=\"gt-image\"><a href=\"https:\/\/museum90.com\/en\/event\/presentation-of-the-book-such-were-the-times-by-jelena-trpkovic\/\"><img loading=\"lazy\" decoding=\"async\" width=\"1320\" height=\"780\" src=\"https:\/\/museum90.com\/wp-content\/uploads\/2026\/03\/sajt.png\" class=\"attachment-custom size-custom wp-post-image\" alt=\"\" srcset=\"https:\/\/museum90.com\/wp-content\/uploads\/2026\/03\/sajt.png 1320w, https:\/\/museum90.com\/wp-content\/uploads\/2026\/03\/sajt-300x177.png 300w, https:\/\/museum90.com\/wp-content\/uploads\/2026\/03\/sajt-1024x605.png 1024w, https:\/\/museum90.com\/wp-content\/uploads\/2026\/03\/sajt-768x454.png 768w, https:\/\/museum90.com\/wp-content\/uploads\/2026\/03\/sajt-415x245.png 415w, https:\/\/museum90.com\/wp-content\/uploads\/2026\/03\/sajt-650x384.png 650w, https:\/\/museum90.com\/wp-content\/uploads\/2026\/03\/sajt-250x148.png 250w, https:\/\/museum90.com\/wp-content\/uploads\/2026\/03\/sajt-600x355.png 600w\" sizes=\"(max-width: 1320px) 100vw, 1320px\" \/><\/a><\/div><div class=\"gt-content\"><div class=\"gt-category\"><ul><li><a href=\"https:\/\/museum90.com\/en\/events\/category\/events\/?post_type=events\">Events<\/a><\/li><\/ul><\/div><div class=\"gt-title\"><a href=\"https:\/\/museum90.com\/en\/event\/presentation-of-the-book-such-were-the-times-by-jelena-trpkovic\/\">Presentation of the Book \u201cSuch Were the Times\u201d by Jelena Trpkovi\u0107<\/a><\/div><div class=\"gt-desc\"><p>On Sunday, March 22, at 7 PM, we will present the book \u201cSuch Were the Times\u201d by Jelena Trpkovi\u0107. The diary entries of painter Jelena Trpkovi\u0107 cover the period from 1989 to 2006, but are most concentrated around the dramatic events of the war years: the siege and bombing of Dubrovnik, the death of her husband Milan Mili\u0161i\u0107, her return...<\/p>\n<\/div><\/div><\/div><\/div><div class=\"gt-grid-col\"><div class=\"gt-item\"><div class=\"gt-date gt-big-date\">March 21<span>2026<\/span><div class=\"gt-start-time\">12:00 pm<\/div><\/div><div class=\"gt-image\"><a href=\"https:\/\/museum90.com\/en\/event\/bazar-at-the-museum-of-the-90s\/\"><img loading=\"lazy\" decoding=\"async\" width=\"1320\" height=\"780\" src=\"https:\/\/museum90.com\/wp-content\/uploads\/2026\/02\/Bazar-u-muzeju-90ih-sajt.png\" class=\"attachment-custom size-custom wp-post-image\" alt=\"\" srcset=\"https:\/\/museum90.com\/wp-content\/uploads\/2026\/02\/Bazar-u-muzeju-90ih-sajt.png 1320w, https:\/\/museum90.com\/wp-content\/uploads\/2026\/02\/Bazar-u-muzeju-90ih-sajt-300x177.png 300w, https:\/\/museum90.com\/wp-content\/uploads\/2026\/02\/Bazar-u-muzeju-90ih-sajt-1024x605.png 1024w, https:\/\/museum90.com\/wp-content\/uploads\/2026\/02\/Bazar-u-muzeju-90ih-sajt-768x454.png 768w, https:\/\/museum90.com\/wp-content\/uploads\/2026\/02\/Bazar-u-muzeju-90ih-sajt-415x245.png 415w, https:\/\/museum90.com\/wp-content\/uploads\/2026\/02\/Bazar-u-muzeju-90ih-sajt-650x384.png 650w, https:\/\/museum90.com\/wp-content\/uploads\/2026\/02\/Bazar-u-muzeju-90ih-sajt-250x148.png 250w, https:\/\/museum90.com\/wp-content\/uploads\/2026\/02\/Bazar-u-muzeju-90ih-sajt-600x355.png 600w\" sizes=\"(max-width: 1320px) 100vw, 1320px\" \/><\/a><\/div><div class=\"gt-content\"><div class=\"gt-category\"><ul><li><a href=\"https:\/\/museum90.com\/en\/events\/category\/events\/?post_type=events\">Events<\/a><\/li><\/ul><\/div><div class=\"gt-title\"><a href=\"https:\/\/museum90.com\/en\/event\/bazar-at-the-museum-of-the-90s\/\">Bazar at the Museum of the 90s!<\/a><\/div><div class=\"gt-desc\"><p>Join us in celebrating the arrival of spring with good company, music, and small objects with big stories. At the bazaar, you\u2019ll find unique lamps inspired by Yugoslav Brutalist architecture, one-of-a-kind handmade jewelry, retro curiosities, vintage items, collectible pieces, and much more.It\u2019s the perfect opportunity to spend a pleasant afternoon at the museum, meet the creators, exchange ideas, and find...<\/p>\n<\/div><\/div><\/div><\/div><div class=\"gt-grid-col\"><div class=\"gt-item\"><div class=\"gt-date gt-big-date\">March 9<span>2026<\/span><div class=\"gt-start-time\">7:00 pm<\/div><\/div><div class=\"gt-image\"><a href=\"https:\/\/museum90.com\/en\/event\/presentation-of-the-book-na-rodendanu-republike-srpske-by-ivan-colovic\/\"><img loading=\"lazy\" decoding=\"async\" width=\"1920\" height=\"1135\" src=\"https:\/\/museum90.com\/wp-content\/uploads\/2026\/02\/09-03.jpg\" class=\"attachment-custom size-custom wp-post-image\" alt=\"\" srcset=\"https:\/\/museum90.com\/wp-content\/uploads\/2026\/02\/09-03.jpg 1920w, https:\/\/museum90.com\/wp-content\/uploads\/2026\/02\/09-03-300x177.jpg 300w, https:\/\/museum90.com\/wp-content\/uploads\/2026\/02\/09-03-1024x605.jpg 1024w, https:\/\/museum90.com\/wp-content\/uploads\/2026\/02\/09-03-768x454.jpg 768w, https:\/\/museum90.com\/wp-content\/uploads\/2026\/02\/09-03-1536x908.jpg 1536w, https:\/\/museum90.com\/wp-content\/uploads\/2026\/02\/09-03-415x245.jpg 415w, https:\/\/museum90.com\/wp-content\/uploads\/2026\/02\/09-03-650x384.jpg 650w, https:\/\/museum90.com\/wp-content\/uploads\/2026\/02\/09-03-250x148.jpg 250w, https:\/\/museum90.com\/wp-content\/uploads\/2026\/02\/09-03-600x355.jpg 600w\" sizes=\"(max-width: 1920px) 100vw, 1920px\" \/><\/a><\/div><div class=\"gt-content\"><div class=\"gt-category\"><ul><li><a href=\"https:\/\/museum90.com\/en\/events\/category\/events\/?post_type=events\">Events<\/a><\/li><\/ul><\/div><div class=\"gt-title\"><a href=\"https:\/\/museum90.com\/en\/event\/presentation-of-the-book-na-rodendanu-republike-srpske-by-ivan-colovic\/\">Presentation of the book \u201eNa ro\u0111endanu Republike Srpske\u201d by Ivan \u010colovi\u0107<\/a><\/div><div class=\"gt-desc\"><p>On Monday, March 9, at 7 PM, we will present the book \u201eNa ro\u0111endanu Republike Srpske\u201d by Ivan \u010colovi\u0107. Notes of an Uninvited Guest. The author will be in conversation with historian Dragan Popovi\u0107. Excerpts from the book will be read and performed with gusle by Sergej Trifunovi\u0107. &nbsp; The number of places is limited. Tickets at the price of...<\/p>\n<\/div><\/div><\/div><\/div><\/div><\/div>\t\t\t\t<\/div>\n\t\t\t\t<\/div>\n\t\t\t\t<div class=\"elementor-element elementor-element-01f5f7e elementor-widget elementor-widget-spacer\" data-id=\"01f5f7e\" data-element_type=\"widget\" data-e-type=\"widget\" data-widget_type=\"spacer.default\">\n\t\t\t\t<div class=\"elementor-widget-container\">\n\t\t\t\t\t\t\t<div class=\"elementor-spacer\">\n\t\t\t<div class=\"elementor-spacer-inner\"><\/div>\n\t\t<\/div>\n\t\t\t\t\t\t<\/div>\n\t\t\t\t<\/div>\n\t\t\t\t\t<\/div>\n\t\t<\/div>\n\t\t\t\t\t<\/div>\n\t\t<\/section>\n\t\t\t\t<\/div>\n\t\t","protected":false},"excerpt":{"rendered":"<p>June 3202510:00 am Events Booking Balkans The Booking Balkan program deals with the presentation of authors of the Western Balkans and their association in mutual interaction and popularization of regional literature and translation. February 26202510:00 am Events Presentation of the research \u201cAttitudes of young people about the nineties\u201d During the year 2024, the Museum of the Nineties, in cooperation with&#8230;<\/p>\n","protected":false},"author":1,"featured_media":0,"parent":0,"menu_order":30,"comment_status":"closed","ping_status":"closed","template":"","meta":{"footnotes":"","_links_to":"","_links_to_target":""},"class_list":["post-7817","page","type-page","status-publish","hentry"],"_links":{"self":[{"href":"https:\/\/museum90.com\/en\/wp-json\/wp\/v2\/pages\/7817","targetHints":{"allow":["GET"]}}],"collection":[{"href":"https:\/\/museum90.com\/en\/wp-json\/wp\/v2\/pages"}],"about":[{"href":"https:\/\/museum90.com\/en\/wp-json\/wp\/v2\/types\/page"}],"author":[{"embeddable":true,"href":"https:\/\/museum90.com\/en\/wp-json\/wp\/v2\/users\/1"}],"replies":[{"embeddable":true,"href":"https:\/\/museum90.com\/en\/wp-json\/wp\/v2\/comments?post=7817"}],"version-history":[{"count":29,"href":"https:\/\/museum90.com\/en\/wp-json\/wp\/v2\/pages\/7817\/revisions"}],"predecessor-version":[{"id":8980,"href":"https:\/\/museum90.com\/en\/wp-json\/wp\/v2\/pages\/7817\/revisions\/8980"}],"wp:attachment":[{"href":"https:\/\/museum90.com\/en\/wp-json\/wp\/v2\/media?parent=7817"}],"curies":[{"name":"wp","href":"https:\/\/api.w.org\/{rel}","templated":true}]}}